{"id":1973,"date":"2015-07-03T13:49:18","date_gmt":"2015-07-03T13:49:18","guid":{"rendered":"http:\/\/demo.flothemes.com\/porto\/?page_id=1973"},"modified":"2021-02-10T12:53:41","modified_gmt":"2021-02-10T12:53:41","slug":"fotografo-casamento","status":"publish","type":"page","link":"https:\/\/www.vitorgordo.pt\/pt-pt\/","title":{"rendered":"Fot\u00f3grafo de Casamento Portugal"},"content":{"rendered":"<p class=\"has-text-align-center\"><strong>Fotografia e v\u00eddeo de casamento <\/strong><\/p>\n<p class=\"has-text-align-center\"><strong>A nossa vis\u00e3o emocional. A vossa Hist\u00f3ria.<\/strong><\/p>\n","protected":false},"excerpt":{"rendered":"<p>Fotografia e v\u00eddeo de casamento A nossa vis\u00e3o emocional. A vossa Hist\u00f3ria.<\/p>\n","protected":false},"author":1,"featured_media":0,"parent":0,"menu_order":0,"comment_status":"open","ping_status":"open","template":"templates\/template-blog.php","meta":[],"yoast_head":"<!-- This site is optimized with the Yoast SEO Premium plugin v15.7 - https:\/\/yoast.com\/wordpress\/plugins\/seo\/ -->\n<title>Fot\u00f3grafo Casamento Portugal - A nossa vis\u00e3o emocional<\/title>\n<meta name=\"description\" content=\"Fot\u00f3grafo de Casamento Portugal . A nossa vis\u00e3o emocional. A vossa Hist\u00f3ria. Veja aqui o nosso portf\u00f3lio de fotografia e v\u00eddeo de casamento.\" \/>\n<meta name=\"robots\" content=\"index, follow, max-snippet:-1, max-image-preview:large, max-video-preview:-1\" \/>\n<link rel=\"canonical\" href=\"https:\/\/www.vitorgordo.pt\/pt-pt\/\" \/>\n<meta property=\"og:locale\" content=\"pt_PT\" \/>\n<meta property=\"og:type\" content=\"article\" \/>\n<meta property=\"og:title\" content=\"Fot\u00f3grafo Casamento Portugal - A nossa vis\u00e3o emocional\" \/>\n<meta property=\"og:description\" content=\"Fot\u00f3grafo de Casamento Portugal . A nossa vis\u00e3o emocional. A vossa Hist\u00f3ria. Veja aqui o nosso portf\u00f3lio de fotografia e v\u00eddeo de casamento.\" \/>\n<meta property=\"og:url\" content=\"https:\/\/www.vitorgordo.pt\/pt-pt\/\" \/>\n<meta property=\"og:site_name\" content=\"Vitor Gordo | Fot\u00f3grafo de Casamento Portugal\" \/>\n<meta property=\"article:publisher\" content=\"https:\/\/www.facebook.com\/vitorgordophoto\" \/>\n<meta property=\"article:modified_time\" content=\"2021-02-10T12:53:41+00:00\" \/>\n<meta name=\"twitter:card\" content=\"summary\" \/>\n<meta name=\"twitter:label1\" content=\"Tempo estimado de leitura\">\n\t<meta name=\"twitter:data1\" content=\"1 minuto\">\n<script type=\"application\/ld+json\" class=\"yoast-schema-graph\">{\"@context\":\"https:\/\/schema.org\",\"@graph\":[{\"@type\":\"Organization\",\"@id\":\"https:\/\/www.vitorgordo.pt\/pt-pt\/#organization\",\"name\":\"Vitor Gordo Photography\",\"url\":\"https:\/\/www.vitorgordo.pt\/pt-pt\/\",\"sameAs\":[\"https:\/\/www.facebook.com\/vitorgordophoto\",\"https:\/\/instagram.com\/vitorgordo_photography\"],\"logo\":{\"@type\":\"ImageObject\",\"@id\":\"https:\/\/www.vitorgordo.pt\/pt-pt\/#logo\",\"inLanguage\":\"pt-PT\",\"url\":\"https:\/\/www.vitorgordo.pt\/wp-content\/uploads\/2015\/08\/SVfinal.jpg\",\"width\":1438,\"height\":1418,\"caption\":\"Vitor Gordo Photography\"},\"image\":{\"@id\":\"https:\/\/www.vitorgordo.pt\/pt-pt\/#logo\"}},{\"@type\":\"WebSite\",\"@id\":\"https:\/\/www.vitorgordo.pt\/pt-pt\/#website\",\"url\":\"https:\/\/www.vitorgordo.pt\/pt-pt\/\",\"name\":\"Vitor Gordo | Portugal Wedding Photographer\",\"description\":\"Fot\\u00f3grafo e Videografo de Casamento . A nossa vis\\u00e3o emocional. A vossa Hist\\u00f3ria.\",\"publisher\":{\"@id\":\"https:\/\/www.vitorgordo.pt\/pt-pt\/#organization\"},\"potentialAction\":[{\"@type\":\"SearchAction\",\"target\":\"https:\/\/www.vitorgordo.pt\/pt-pt\/?s={search_term_string}\",\"query-input\":\"required name=search_term_string\"}],\"inLanguage\":\"pt-PT\"},{\"@type\":\"WebPage\",\"@id\":\"https:\/\/www.vitorgordo.pt\/pt-pt\/#webpage\",\"url\":\"https:\/\/www.vitorgordo.pt\/pt-pt\/\",\"name\":\"Fot\\u00f3grafo Casamento Portugal - A nossa vis\\u00e3o emocional\",\"isPartOf\":{\"@id\":\"https:\/\/www.vitorgordo.pt\/pt-pt\/#website\"},\"datePublished\":\"2015-07-03T13:49:18+00:00\",\"dateModified\":\"2021-02-10T12:53:41+00:00\",\"description\":\"Fot\\u00f3grafo de Casamento Portugal . A nossa vis\\u00e3o emocional. A vossa Hist\\u00f3ria. Veja aqui o nosso portf\\u00f3lio de fotografia e v\\u00eddeo de casamento.\",\"inLanguage\":\"pt-PT\",\"potentialAction\":[{\"@type\":\"ReadAction\",\"target\":[\"https:\/\/www.vitorgordo.pt\/pt-pt\/\"]}]}]}<\/script>\n<!-- \/ Yoast SEO Premium plugin. -->","_links":{"self":[{"href":"https:\/\/www.vitorgordo.pt\/pt-pt\/wp-json\/wp\/v2\/pages\/1973\/"}],"collection":[{"href":"https:\/\/www.vitorgordo.pt\/pt-pt\/wp-json\/wp\/v2\/pages\/"}],"about":[{"href":"https:\/\/www.vitorgordo.pt\/pt-pt\/wp-json\/wp\/v2\/types\/page\/"}],"author":[{"embeddable":true,"href":"https:\/\/www.vitorgordo.pt\/pt-pt\/wp-json\/wp\/v2\/users\/1\/"}],"replies":[{"embeddable":true,"href":"https:\/\/www.vitorgordo.pt\/pt-pt\/wp-json\/wp\/v2\/comments\/?post=1973"}],"version-history":[{"count":32,"href":"https:\/\/www.vitorgordo.pt\/pt-pt\/wp-json\/wp\/v2\/pages\/1973\/revisions\/"}],"predecessor-version":[{"id":9252,"href":"https:\/\/www.vitorgordo.pt\/pt-pt\/wp-json\/wp\/v2\/pages\/1973\/revisions\/9252\/"}],"wp:attachment":[{"href":"https:\/\/www.vitorgordo.pt\/pt-pt\/wp-json\/wp\/v2\/media\/?parent=1973"}],"curies":[{"name":"wp","href":"https:\/\/api.w.org\/{rel}","templated":true}]}}